{"id":1458,"date":"2024-07-31T10:21:36","date_gmt":"2024-07-31T08:21:36","guid":{"rendered":"https:\/\/www.camping-aure-pyrenees.com\/alentours\/tour-de-france-pyrenees\/"},"modified":"2024-12-12T14:46:23","modified_gmt":"2024-12-12T13:46:23","slug":"tour-de-france-pyrenees","status":"publish","type":"alentours","link":"https:\/\/www.camping-aure-pyrenees.com\/es\/alentours\/tour-de-france-pyrenees\/","title":{"rendered":"Tour de Francia"},"content":{"rendered":"<div class=\"diaporama-header align-full\"><div class=\"fc-galerie\"><figure class=\"fc-galerie__item\" ><picture><source srcset=\"https:\/\/www.camping-aure-pyrenees.com\/wp-content\/uploads\/2024\/08\/AdobeStock_285062699-420x236.webp\" media=\"(max-width: 210px)\"><source srcset=\"https:\/\/www.camping-aure-pyrenees.com\/wp-content\/uploads\/2024\/08\/AdobeStock_285062699-768x431.webp\" media=\"(max-width: 421px)\"><source srcset=\"https:\/\/www.camping-aure-pyrenees.com\/wp-content\/uploads\/2024\/08\/AdobeStock_285062699-1024x575.webp\" media=\"(max-width: 1024px)\"><source srcset=\"https:\/\/www.camping-aure-pyrenees.com\/wp-content\/uploads\/2024\/08\/AdobeStock_285062699.webp\" media=\"(min-width: 1025px)\"><img fetchpriority=\"high\" decoding=\"async\" width=\"450\" height=\"450\" src=\"https:\/\/www.camping-aure-pyrenees.com\/wp-content\/uploads\/2024\/08\/AdobeStock_285062699-210x210.webp\" alt=\"Camping le Ruisseau \" loading=\"eager\" title=\"\"><\/picture><\/figure><\/div><div class=\"diaporama-header__inner\"><\/div><\/div><div class=\"boutons\"><a href=\"https:\/\/www.camping-aure-pyrenees.com\/es\/turismo-hautes-pyrenees\/\" rel=\"noreferrer noopener\" rel=\"noreferrer noopener\" rel=\"noreferrer noopener\" rel=\"noreferrer noopener\" class=\"boutons__btn is-style-1\"><span class=\"fc-icon\"><svg xmlns=\"http:\/\/www.w3.org\/2000\/svg\"  viewBox=\"0 0 448 512\" width=\"16px\" height=\"16px\"><!--! Font Awesome Pro 6.4.2 by @fontawesome - https:\/\/fontawesome.com License - https:\/\/fontawesome.com\/license (Commercial License) Copyright 2023 Fonticons, Inc.--><path d=\"M4.7 244.7c-6.2 6.2-6.2 16.4 0 22.6l176 176c6.2 6.2 16.4 6.2 22.6 0s6.2-16.4 0-22.6L54.6 272 432 272c8.8 0 16-7.2 16-16s-7.2-16-16-16L54.6 240 203.3 91.3c6.2-6.2 6.2-16.4 0-22.6s-16.4-6.2-22.6 0l-176 176z\"\/><\/svg><\/span>  Ver otros lugares por descubrir<\/a><\/div><h1 class=\"h4\" style=\"text-align: center;\">La conquista de las cumbres : El Tour de Francia en los Pirineos<\/h1><p class=\"h1\" style=\"text-align: center;\"  >Tour de Francia<\/p><p  style=\"text-align: center;\" id=\"\" >\u00bfBuscas unas vacaciones deportivas en Francia este verano? \u00bfTe apasiona el Tour de Francia? Si es as\u00ed, el Tour de Francia te brinda la oportunidad de descubrir una de las regiones monta\u00f1osas m\u00e1s bellas de Francia: <a href=\"\" data-type=\"\" data-id=\"\">el valle de Aure<\/a>, en los Pirineos.  <\/p><div class=\"columns sec-00\" style=\"align-items:center;\"><div class=\"columns__item fade-up\" style=\"align-self:center;\"><p class=\"h2\" style=\"\"  >Una carrera emblem\u00e1tica<\/p><p  style=\"\"  >Este a\u00f1o, la mayor carrera ciclista del mundo se celebrar\u00e1 del <strong>s\u00e1bado 5 de julio al domingo 27 de julio de 2025<\/strong>.<\/p><p  style=\"\" id=\"\" >Un gran programa que promete gran espect\u00e1culo y emoci\u00f3n, que tendr\u00e1s la suerte de ver si vienes a pasar tus vacaciones al camping Ruisseau, en el valle de Aure. <a href=\"\" data-type=\"\" data-id=\"\">Nuestro camping de Saint-Lary<\/a> est\u00e1 cerca de todas las etapas de los Pirineos, as\u00ed que aprovecha y ven a <a href=\"\" data-type=\"\" data-id=\"\">reservar tu semana<\/a> cuando el <strong>Tour de<\/strong> Francia pase por nuestro hermoso pa\u00eds. <\/p><\/div><div class=\"columns__item parallax-down\" style=\"align-self:center;\"><div class=\"fc-galerie\"><figure class=\"fc-galerie__item deco-gradient__left\" ><picture><source srcset=\"https:\/\/www.camping-aure-pyrenees.com\/wp-content\/uploads\/2024\/08\/AdobeStock_24682728-420x279.webp\" media=\"(max-width: 210px)\"><source srcset=\"https:\/\/www.camping-aure-pyrenees.com\/wp-content\/uploads\/2024\/08\/AdobeStock_24682728-768x510.webp\" media=\"(max-width: 421px)\"><source srcset=\"https:\/\/www.camping-aure-pyrenees.com\/wp-content\/uploads\/2024\/08\/AdobeStock_24682728-1024x680.webp\" media=\"(max-width: 1024px)\"><source srcset=\"https:\/\/www.camping-aure-pyrenees.com\/wp-content\/uploads\/2024\/08\/AdobeStock_24682728.webp\" media=\"(min-width: 1025px)\"><img decoding=\"async\" width=\"450\" height=\"450\" src=\"https:\/\/www.camping-aure-pyrenees.com\/wp-content\/uploads\/2024\/08\/AdobeStock_24682728-210x210.webp\" alt=\"Camping le Ruisseau \" loading=\"lazy\" title=\"\"><\/picture><\/figure><\/div><\/div><\/div><div class=\"fc-cover fade-up align-full\" style=\"\"><span style=\"filter: opacity(80%); background-color:var(--fond);\"><\/span><picture class=\"fc-cover__img \"><source srcset=\"https:\/\/www.camping-aure-pyrenees.com\/wp-content\/uploads\/2024\/08\/AdobeStock_33614028-420x215.webp\" media=\"(max-width: 210px)\"><source srcset=\"https:\/\/www.camping-aure-pyrenees.com\/wp-content\/uploads\/2024\/08\/AdobeStock_33614028-768x392.webp\" media=\"(max-width: 421px)\"><source srcset=\"https:\/\/www.camping-aure-pyrenees.com\/wp-content\/uploads\/2024\/08\/AdobeStock_33614028-1024x523.webp\" media=\"(max-width: 1024px)\"><source srcset=\"https:\/\/www.camping-aure-pyrenees.com\/wp-content\/uploads\/2024\/08\/AdobeStock_33614028.webp\" media=\"(min-width: 1025px)\"><img loading=\"lazy\" decoding=\"async\" width=\"420\" height=\"210\" src=\"https:\/\/www.camping-aure-pyrenees.com\/wp-content\/uploads\/2024\/08\/AdobeStock_33614028-210x210.webp\" alt=\"Camping le Ruisseau \" title=\"\"><\/picture><div class=\"fc-cover__inner\" style=\"\"><h2 class=\"h4\" style=\"text-align: center;\">Las etapas pirenaicas del Tour de Francia: El desaf\u00edo de los escaladores<\/h2><p class=\"h2\" style=\"text-align: center;\"  >El paso de los Pirineos<\/p><p  style=\"text-align: center;\"  >Cada a\u00f1o, los ciclistas del Tour de Francia se enfrentan a retos cada vez m\u00e1s exigentes, y las etapas de monta\u00f1a son sin duda las m\u00e1s temidas. Los Pirineos, con sus puertos escarpados y sus impresionantes panoramas, ofrecen un terreno de juego ideal para los escaladores experimentados. Estas etapas son a menudo decisivas en la carrera por el maillot amarillo.  <\/p><p  style=\"text-align: center;\"  >El Tour de Francia 2024 promete una nueva serie de etapas pirenaicas que emocionar\u00e1n a los aficionados al ciclismo de todo el mundo. Los ciclistas se enfrentar\u00e1n a las emblem\u00e1ticas monta\u00f1as de los Pirineos, desafiando la gravedad y superando sus l\u00edmites f\u00edsicos. Aqu\u00ed tienes un resumen de las etapas clave que te esperan:  <\/p><\/div><\/div><div class=\"columns\"><div class=\"columns__item\"><h3 class=\"h4\">Etapa 1: La subida al Col du Tourmalet: 15 de julio de 2024<\/h3><p  style=\"\" id=\"196\" >Las etapas de los Pirineos comienzan el 15 de julio de 2024 con la temible ascensi\u00f3n al <a href=\"https:\/\/www.camping-aure-pyrenees.com\/es\/alentours\/col-du-tourmalet\/\" data-type=\"alentours\" data-id=\"196\">Col du Tourmalet<\/a>. Este puerto legendario, uno de los puertos de carretera m\u00e1s altos de los Pirineos, pondr\u00e1 a prueba la resistencia de los corredores. Las sinuosas curvas y los impresionantes panoramas constituir\u00e1n un espect\u00e1culo inolvidable. Los ciclistas se enfrentan a pendientes pronunciadas y curvas cerradas en un paisaje espectacular. Esta etapa suele ser decisiva para el desenlace de la carrera.    <\/p><\/div><div class=\"columns__item\"><h3 class=\"h4\">Etapa 2: El desaf\u00edo del Col d&#8217;Aspin: 16 de julio de 2024<\/h3><p  style=\"\" id=\"200\" >Al d\u00eda siguiente, el pelot\u00f3n se enfrentar\u00e1 al <a href=\"https:\/\/www.camping-aure-pyrenees.com\/es\/alentours\/la-route-des-cols-des-hautes-pyrenees\/\" data-type=\"alentours\" data-id=\"200\">Col d&#8217;<\/a>Aspin, a\u00f1adiendo otro desaf\u00edo de monta\u00f1a a esta edici\u00f3n del Tour. Los ciclistas tendr\u00e1n que ser tenaces para subir las pendientes del Col d&#8217;Aspin, ofreciendo a los espectadores momentos de pura intensidad deportiva. <br\/>A pocos kil\u00f3metros de Saint-Lary-Soulan, el Col d&#8217;Aspin ofrece otro formidable desaf\u00edo. Los corredores, ya puestos a prueba por la ascensi\u00f3n al Tourmalet, tienen que recurrir a sus reservas para subir este pintoresco puerto. El ascenso al Col d&#8217;Aspin ofrece momentos de aut\u00e9ntica valent\u00eda y panoramas impresionantes.  <\/p><\/div><div class=\"columns__item\"><h3 class=\"h4\">Etapa 3: Saint-Lary-Soulan en el punto de mira: 17 de julio de 2024<\/h3><p  style=\"\"  >La tercera etapa en los Pirineos destacar\u00e1 el encantador pueblo de Saint-Lary-Soulan. Los corredores partir\u00e1n de los alrededores, creando un cuadro din\u00e1mico de competici\u00f3n en el coraz\u00f3n de este entorno monta\u00f1oso. Las estrategias de equipo y los esfuerzos individuales se combinar\u00e1n en una carrera cautivadora.  <\/p><p  style=\"\" id=\"218\" >En el coraz\u00f3n de los Pirineos, <a href=\"https:\/\/www.camping-aure-pyrenees.com\/es\/alentours\/saint-lary-soulan\/\" data-type=\"alentours\" data-id=\"218\">Saint-Lary-Soulan<\/a> destaca como una joya alpina. Esta peque\u00f1a ciudad, popular entre los aficionados a los deportes de invierno, se convierte en un lugar estrat\u00e9gico durante las etapas pirenaicas del Tour de Francia. Rodeada de picos emblem\u00e1ticos como el Col du Tourmalet y el Col d&#8217;Aspin, Saint-Lary-Soulan se convierte en el punto focal de una encarnizada batalla ciclista.  <\/p><\/div><\/div><div class=\"fc-cover align-full\" style=\"\"><span style=\"filter: opacity(50%); background-color:var(--fond);\"><\/span><picture class=\"fc-cover__img \"><source srcset=\"https:\/\/www.camping-aure-pyrenees.com\/wp-content\/uploads\/2024\/08\/AdobeStock_15223088-420x280.webp\" media=\"(max-width: 210px)\"><source srcset=\"https:\/\/www.camping-aure-pyrenees.com\/wp-content\/uploads\/2024\/08\/AdobeStock_15223088-768x512.webp\" media=\"(max-width: 421px)\"><source srcset=\"https:\/\/www.camping-aure-pyrenees.com\/wp-content\/uploads\/2024\/08\/AdobeStock_15223088-1024x683.webp\" media=\"(max-width: 1024px)\"><source srcset=\"https:\/\/www.camping-aure-pyrenees.com\/wp-content\/uploads\/2024\/08\/AdobeStock_15223088.webp\" media=\"(min-width: 1025px)\"><img decoding=\"async\" width=\"420\" height=\"210\" src=\"https:\/\/www.camping-aure-pyrenees.com\/wp-content\/uploads\/2024\/08\/AdobeStock_15223088-210x210.webp\" alt=\"Camping le Ruisseau \" loading=\"lazy\" title=\"\"><\/picture><div class=\"fc-cover__inner\" style=\"\"><p    ><\/p><\/div><\/div><div class=\"columns\"><div class=\"columns__item\"><h3>Lo que est\u00e1 en juego para el maillot amarillo<\/h3><p  style=\"\"  >Estas etapas pirenaicas no s\u00f3lo ser\u00e1n desaf\u00edos f\u00edsicos, sino tambi\u00e9n momentos cruciales para la clasificaci\u00f3n general del Tour de Francia 2024. Las diferencias de tiempo acumuladas en las monta\u00f1as pueden alterar la jerarqu\u00eda establecida, haciendo que cada viaje en altitud sea decisivo para las ambiciones de los ciclistas. <\/p><\/div><div class=\"columns__item\"><h3>Estrategia de equipo<\/h3><p  style=\"\"  >Las etapas pirenaicas del Tour de Francia no son s\u00f3lo un reto para los corredores individuales, sino tambi\u00e9n una prueba para los equipos. La estrategia se vuelve crucial, sobre todo en torno a Saint-Lary-Soulan, donde los directores de equipo tienen que tomar decisiones r\u00e1pidas en funci\u00f3n de las condiciones meteorol\u00f3gicas y del rendimiento de los corredores. <\/p><\/div><div class=\"columns__item\"><h3>Impacto en la clasificaci\u00f3n general<\/h3><p  style=\"\"  >Las etapas en los Pirineos tienen un gran impacto en la clasificaci\u00f3n general del Tour de Francia. Los corredores que destacan en la monta\u00f1a pueden dar la vuelta a la tortilla y derrocar la jerarqu\u00eda establecida en las etapas anteriores. Las diferencias aumentan, y el maillot amarillo puede cambiar de hombros en cualquier momento.  <\/p><\/div><\/div><div class=\"columns sec-00\" style=\"align-items:center;\"><div class=\"columns__item fade-up\" style=\"align-self:center;\"><h2 class=\"h3\">Conclusi\u00f3n: Un emocionante 2024<\/h2><p  style=\"\"  >El Tour de Francia 2024 promete una aventura excepcional a trav\u00e9s de los Pirineos. Entre la lucha por el maillot amarillo, los espectaculares panoramas y la adrenalina de las empinadas subidas, estas etapas pirenaicas ser\u00e1n sin duda el punto culminante de esta edici\u00f3n. Las <strong>fechas para recordar: 15, 16 y 17 de julio de 2024<\/strong>, cuando la magia del ciclismo y la majestuosidad de los Pirineos se unan para crear recuerdos imborrables.  <\/p><h2 class=\"h4\">Saint-Lary-Soulan, destino ciclista<\/h2><p  style=\"\"  >M\u00e1s all\u00e1 de su papel crucial en el Tour de Francia, Saint-Lary-Soulan atrae a aficionados al ciclismo durante todo el a\u00f1o. Sus pintorescas carreteras de monta\u00f1a proporcionan un terreno de entrenamiento ideal, y la comunidad local es amable con los entusiastas del ciclismo. <\/p><\/div><div class=\"columns__item parallax-down\" style=\"align-self:center;\"><div class=\"fc-galerie\"><figure class=\"fc-galerie__item deco-gradient__left\" ><picture><source srcset=\"https:\/\/www.camping-aure-pyrenees.com\/wp-content\/uploads\/2024\/08\/AdobeStock_422462409-420x315.webp\" media=\"(max-width: 210px)\"><source srcset=\"https:\/\/www.camping-aure-pyrenees.com\/wp-content\/uploads\/2024\/08\/AdobeStock_422462409-768x576.webp\" media=\"(max-width: 421px)\"><source srcset=\"https:\/\/www.camping-aure-pyrenees.com\/wp-content\/uploads\/2024\/08\/AdobeStock_422462409-1024x768.webp\" media=\"(max-width: 1024px)\"><source srcset=\"https:\/\/www.camping-aure-pyrenees.com\/wp-content\/uploads\/2024\/08\/AdobeStock_422462409.webp\" media=\"(min-width: 1025px)\"><img decoding=\"async\" width=\"450\" height=\"450\" src=\"https:\/\/www.camping-aure-pyrenees.com\/wp-content\/uploads\/2024\/08\/AdobeStock_422462409-210x210.webp\" alt=\"Camping le Ruisseau \" loading=\"lazy\" title=\"\"><\/picture><\/figure><\/div><\/div><\/div><h2 class=\"h3\">Para los amantes de las emociones fuertes, ac\u00e9rcate a Saint-Lary-Soulan, en el coraz\u00f3n de la carrera de los Pirineos.<\/h2><div class=\"columns\"><div class=\"columns__item\"><p  style=\"\"  >Las etapas pirenaicas del Tour de Francia, especialmente en torno a Saint-Lary-Soulan, son un espect\u00e1culo que no te puedes perder. Desde las legendarias subidas hasta las estrategias de equipo y el impacto en la clasificaci\u00f3n general, estos momentos est\u00e1n grabados en la historia del ciclismo. Tanto si eres un avezado aficionado al ciclismo como un simple amante de los paisajes de monta\u00f1a, el <strong>Tour de Francia en los Pirineos<\/strong> seguro que te cautivar\u00e1.  <\/p><\/div><div class=\"columns__item\"><p  style=\"\"  ><a href=\"https:\/\/www.letour.fr\/fr\/parcours-general\" target=\"_blank\" rel=\"noreferrer noopener\"><strong>El Tour de Francia<\/strong><\/a> El Tour de Francia, que contribuye a la democratizaci\u00f3n del ciclismo desde sus inicios, es la envidia del mundo gracias a la diversidad de las carreteras y ciudades por las que pasa. Adem\u00e1s de ser un acontecimiento deportivo del m\u00e1s alto nivel, tambi\u00e9n es una ocasi\u00f3n de entretenimiento espectacular, con la Caravana del Tour que encanta a toda la familia, adem\u00e1s de repartir regalos por el camino.<\/p><p  style=\"\" id=\"179\" >Ven a Saint Lary-Soulan para ver en directo las legendarias etapas de monta\u00f1a de los Pirineos. Reserva hoy mismo tu <a href=\"https:\/\/www.camping-aure-pyrenees.com\/es\/parcelas-de-acampada\/\" data-type=\"page\" data-id=\"179\">parcela<\/a> o tu <a href=\"https:\/\/www.camping-aure-pyrenees.com\/es\/mobile-homes-st-lary\/\" data-type=\"page\" data-id=\"183\">mobil home<\/a>.<\/p><\/div><\/div>","protected":false},"menu_order":0,"template":"","meta":{"_acf_changed":false,"footnotes":""},"lieu":[18],"acf":[],"_links":{"self":[{"href":"https:\/\/www.camping-aure-pyrenees.com\/es\/wp-json\/wp\/v2\/alentours\/1458"}],"collection":[{"href":"https:\/\/www.camping-aure-pyrenees.com\/es\/wp-json\/wp\/v2\/alentours"}],"about":[{"href":"https:\/\/www.camping-aure-pyrenees.com\/es\/wp-json\/wp\/v2\/types\/alentours"}],"version-history":[{"count":5,"href":"https:\/\/www.camping-aure-pyrenees.com\/es\/wp-json\/wp\/v2\/alentours\/1458\/revisions"}],"predecessor-version":[{"id":1717,"href":"https:\/\/www.camping-aure-pyrenees.com\/es\/wp-json\/wp\/v2\/alentours\/1458\/revisions\/1717"}],"wp:attachment":[{"href":"https:\/\/www.camping-aure-pyrenees.com\/es\/wp-json\/wp\/v2\/media?parent=1458"}],"wp:term":[{"taxonomy":"lieu","embeddable":true,"href":"https:\/\/www.camping-aure-pyrenees.com\/es\/wp-json\/wp\/v2\/lieu?post=1458"}],"curies":[{"name":"wp","href":"https:\/\/api.w.org\/{rel}","templated":true}]}}